{"id":9335,"date":"2022-01-25T10:10:53","date_gmt":"2022-01-25T09:10:53","guid":{"rendered":"https:\/\/www.fecsa.net\/?page_id=9335"},"modified":"2022-09-27T13:06:03","modified_gmt":"2022-09-27T12:06:03","slug":"privacy-policy","status":"publish","type":"page","link":"https:\/\/www.fecsa.net\/en\/privacy-policy\/","title":{"rendered":"Privacy policy"},"content":{"rendered":"<section class=\"l-section wpb_row us_custom_52a5aefe header product height_medium width_full color_alternate\"><div class=\"l-section-overlay\" style=\"background:rgba(1,0,1,0.45)\"><\/div><div class=\"l-section-h i-cf\"><div class=\"g-cols vc_row via_flex valign_top type_default stacking_default\"><div class=\"vc_col-sm-12 wpb_column vc_column_container\"><div class=\"vc_column-inner\"><div class=\"wpb_wrapper\"><div class=\"g-cols wpb_row us_custom_f1bde117 via_flex valign_top type_default stacking_default\"><div class=\"vc_col-sm-12 wpb_column vc_column_container\"><div class=\"vc_column-inner us_custom_2293e2d3\"><div class=\"wpb_wrapper\">[vc_custom_heading text=&#8221;<strong>Privacy<\/strong> policy&#8221; font_container=&#8221;tag:h1|text_align:left&#8221; use_theme_fonts=&#8221;yes&#8221; css=&#8221;%7B%22default%22%3A%7B%22margin-bottom%22%3A%220%22%2C%22animation-name%22%3A%22afr%22%7D%7D&#8221;]<div class=\"w-separator deco-line size_small with_line width_50 thick_1 style_solid color_border align_none\"><div class=\"w-separator-h\"><\/div><\/div><\/div><\/div><\/div><\/div><div class=\"w-image us_custom_3fe18b84 deco-fecsa align_none\"><div class=\"w-image-h\"><img decoding=\"async\" width=\"1836\" height=\"963\" src=\"https:\/\/www.fecsa.net\/wp-content\/uploads\/2022\/07\/deco-header-fecsa.png\" class=\"attachment-full size-full\" alt=\"\" loading=\"lazy\" \/><\/div><\/div><\/div><\/div><\/div><\/div><\/div><\/section><section class=\"l-section wpb_row height_medium\"><div class=\"l-section-h i-cf\"><div class=\"g-cols vc_row via_flex valign_top type_default stacking_default\"><div class=\"vc_col-sm-12 wpb_column vc_column_container\"><div class=\"vc_column-inner\"><div class=\"wpb_wrapper\"><div class=\"wpb_text_column\"><div class=\"wpb_wrapper\"><p>F\u00c1BRICA ESPA\u00d1OLA DE CONFECCIONES, S.A. es consciente de que a usted le interesa conocer la manera en que su informaci\u00f3n personal es utilizada y distribuida y por eso tratamos seriamente el manejo de informaci\u00f3n confidencial. A continuaci\u00f3n, encontrar\u00e1 m\u00e1s informaci\u00f3n sobre nuestra Pol\u00edtica de Privacidad.<\/p>\n<p><strong>1.- Identidad del Responsable del Tratamiento<\/strong><\/p>\n<p>La informaci\u00f3n facilitada por el USUARIO a trav\u00e9s de cualquiera de los formularios del SITIO WEB ser\u00e1 incluida en uno o varios ficheros responsabilidad de F\u00c1BRICA ESPA\u00d1OLA DE CONFECCIONES, S.A., (en adelante, LA EMPRESA), con CIF A28030062 y con domicilio en Calle Acacias, 3 \u2013 28700 San Sebasti\u00e1n de los Reyes (Madrid).<\/p>\n<p><strong>2.- Finalidad del tratamiento<\/strong><\/p>\n<p>LA EMPRESA tratar\u00e1 la informaci\u00f3n facilitada por el USUARIO con distintas finalidades, dependiendo de la v\u00eda de recogida de los datos:<\/p>\n<ul>\n<li>Prestar los servicios solicitados por el USUARIO.<\/li>\n<li>Gestionar, administrar, prestar, ampliar y mejorar los servicios a los que el USUARIO hubiese decidido suscribirse o darse de alta.<\/li>\n<li>Adecuar dichos servicios para mejorar su calidad de cara al USUARIO.<\/li>\n<li>Dise\u00f1ar nuevos servicios relacionados con los anteriores.<\/li>\n<li>Realizar estudios estad\u00edsticos que permitan dise\u00f1ar mejoras en los servicios prestados.<\/li>\n<li>Enviar informaci\u00f3n requerida por el USUARIO.<\/li>\n<li>Gestionar las candidaturas enviadas por el USUARIO.<\/li>\n<li>En su caso, gestionar la relaci\u00f3n contractual o comercial establecida entre LA EMPRESA y el USUARIO.<\/li>\n<li>Enviar informaci\u00f3n sobre modificaciones en los productos o servicios contratados por el USUARIO.<\/li>\n<li>Enviar informaci\u00f3n sobre nuevos productos o servicios similares a los contratados originalmente.<\/li>\n<\/ul>\n<p>El USUARIO consiente el tratamiento de sus datos con las finalidades descritas, sin perjuicio del derecho que le asiste de confirmar o revocar dicho consentimiento a trav\u00e9s de la marcaci\u00f3n de la casilla dispuesta al efecto en cada uno de los formularios.<\/p>\n<p>Con las finalidades antes mencionadas sus datos ser\u00e1n tratados con su consentimiento durante el plazo estipulado en cada uno de los formularios o hasta que usted manifieste su voluntad de cancelarlos o se oponga a su tratamiento. En aquellos casos en los que exista una relaci\u00f3n comercial entre LA EMPRESA y el USUARIO, sus datos ser\u00e1n conservados mientras se mantenga la relaci\u00f3n comercial y posteriormente durante el tiempo necesario para atender posibles responsabilidades legales.<\/p>\n<p><strong>3.- Destinatarios de la informaci\u00f3n<\/strong><\/p>\n<p>Le informamos que sus datos no ser\u00e1n comunicados a ning\u00fan tercero, salvo que:<\/p>\n<ul>\n<li>La cesi\u00f3n est\u00e9 autorizada en una ley.<\/li>\n<li>El tratamiento responda a la libre y leg\u00edtima aceptaci\u00f3n de una relaci\u00f3n jur\u00eddica cuyo desarrollo, cumplimiento y control implique necesariamente la conexi\u00f3n de dicho tratamiento con ficheros de terceros, como por ejemplo, entidades bancarias para la facturaci\u00f3n de los productos o servicios contratados;<\/li>\n<li>Los datos sean solicitados por el Defensor del Pueblo, el Ministerio Fiscal o los Jueces o Tribunales o el Tribunal de Cuentas, en el ejercicio de las funciones que tienen atribuidas.<\/li>\n<\/ul>\n<p>Igualmente, podr\u00e1n ser comunicados a aquellos proveedores que presten alg\u00fan servicio a LA EMPRESA y para el cual necesiten acceder a sus datos personales.<\/p>\n<p><strong>4.- Car\u00e1cter obligatorio o facultativo de la informaci\u00f3n solicitada<\/strong><\/p>\n<p>Los datos obligatorios de cada formulario ser\u00e1n identificados como tales en el propio formulario, se\u00f1alados con un asterisco. La negativa a suministrar dicha informaci\u00f3n impedir\u00e1 hacer efectivo el servicio solicitado por el USUARIO.<\/p>\n<p><strong>5.- Ejercicio de derechos<\/strong><\/p>\n<p>El USUARIO podr\u00e1 revocar su consentimiento y ejercer sus derechos de acceso, rectificaci\u00f3n, cancelaci\u00f3n\/supresi\u00f3n, oposici\u00f3n, limitaci\u00f3n y portabilidad a trav\u00e9s de un correo electr\u00f3nico a la direcci\u00f3n , o a trav\u00e9s de correo ordinario a la direcci\u00f3n arriba indicada, identific\u00e1ndose como USUARIO del SITIO WEB, aportando fotocopia del DNI o documento equivalente y concretando su solicitud.<\/p>\n<p>Asimismo, en caso de considerar vulnerado su derecho a la protecci\u00f3n de datos personales, podr\u00e1 interponer una reclamaci\u00f3n ante la Agencia Espa\u00f1ola de Protecci\u00f3n de Datos (<a href=\"http:\/\/www.aepd.es\" target=\"_blank\" rel=\"noopener\">www.aepd.es<\/a>).<\/p>\n<p><strong>6.- Compromisos del USUARIO<\/strong><\/p>\n<p>El USUARIO garantiza que es mayor de edad y que la informaci\u00f3n facilitada es exacta y veraz.<\/p>\n<p>El USUARIO se compromete a informar a LA EMPRESA de cualquier modificaci\u00f3n que sufra la informaci\u00f3n facilitada a trav\u00e9s de las direcciones de contacto indicadas, identific\u00e1ndose como USUARIO del SITIO WEB y concretando la informaci\u00f3n que deba ser modificada.<\/p>\n<p><strong>7.- Datos de terceros facilitados por el USUARIO<\/strong><\/p>\n<p>En caso de que el USUARIO facilite datos personales de terceras personas con cualquier finalidad, garantiza haber informado previamente a los afectados y haber obtenido su consentimiento para la comunicaci\u00f3n de sus datos a LA EMPRESA.<\/p>\n<p>El USUARIO garantiza que los afectados son mayores de edad y que la informaci\u00f3n facilitada es exacta y veraz.<\/p>\n<p>LA EMPRESA podr\u00e1 contrastar el consentimiento de dichos afectados a trav\u00e9s de un primer correo electr\u00f3nico con contenido no comercial en el que se solicitar\u00e1 la verificaci\u00f3n del consentimiento otorgado en su nombre por el USUARIO.<\/p>\n<p>En caso de que se deriven responsabilidades por un incumplimiento de estas condiciones por parte del USUARIO, deber\u00e1 responder de las consecuencias de dicho incumplimiento.<\/p>\n<p><strong>9.- <em>Cookies<\/em> y archivos de seguimiento<\/strong><\/p>\n<p>El USUARIO acepta el uso de <em>cookies<\/em> y archivos de seguimiento de direcciones IP cuyo uso permite a LA EMPRESA recoger datos a efectos estad\u00edsticos como: fecha de la primera visita, n\u00famero de veces que se ha visitado, fecha de la \u00faltima visita, URL y dominio de la que proviene, explorador utilizado y resoluci\u00f3n de la pantalla.<\/p>\n<p>El USUARIO tiene la opci\u00f3n de impedir la generaci\u00f3n de <em>cookies<\/em>, mediante la selecci\u00f3n de la correspondiente opci\u00f3n en su programa navegador. Sin embargo, LA EMPRESA no se responsabiliza de que la desactivaci\u00f3n de los mismos impida el buen funcionamiento de la p\u00e1gina.<\/p>\n<p>Puede obtener m\u00e1s informaci\u00f3n sobre Cookies en nuestra POL\u00cdTICA DE COOKIES.<\/p>\n<p><strong>10.- Medidas de seguridad<\/strong><\/p>\n<p>LA EMPRESA ha adoptado las medidas de \u00edndole t\u00e9cnica y organizativas necesarias que garanticen la seguridad de los datos de car\u00e1cter personal y eviten su alteraci\u00f3n, p\u00e9rdida, tratamiento o acceso no autorizado, habida cuenta del estado de la tecnolog\u00eda, la naturaleza de los datos almacenados y los riesgos a que est\u00e9n expuestos, ya provengan de la acci\u00f3n humana o del medio f\u00edsico o natural.<\/p>\n<\/div><\/div><\/div><\/div><\/div><\/div><\/div><\/section>\n","protected":false},"excerpt":{"rendered":"[vc_custom_heading text=\"Privacy policy\" font_container=\"tag:h1|text_align:left\" use_theme_fonts=\"yes\" css=\"%7B%22default%22%3A%7B%22margin-bottom%22%3A%220%22%2C%22animation-name%22%3A%22afr%22%7D%7D\"]F\u00c1BRICA ESPA\u00d1OLA DE CONFECCIONES, S.A. es consciente de que a usted le interesa conocer la manera en que su informaci\u00f3n personal es utilizada y distribuida y por eso tratamos seriamente el manejo de informaci\u00f3n confidencial. A continuaci\u00f3n, encontrar\u00e1 m\u00e1s informaci\u00f3n sobre nuestra Pol\u00edtica de Privacidad. 1.- Identidad del Responsable del...","protected":false},"author":1,"featured_media":0,"parent":0,"menu_order":0,"comment_status":"closed","ping_status":"closed","template":"","meta":{"_acf_changed":false,"footnotes":""},"class_list":["post-9335","page","type-page","status-publish","hentry"],"acf":[],"yoast_head":"<!-- This site is optimized with the Yoast SEO plugin v27.4 - https:\/\/yoast.com\/product\/yoast-seo-wordpress\/ -->\n<title>Privacy policy | FECSA<\/title>\n<meta name=\"robots\" content=\"index, follow, max-snippet:-1, max-image-preview:large, max-video-preview:-1\" \/>\n<link rel=\"canonical\" href=\"https:\/\/www.fecsa.net\/en\/privacy-policy\/\" \/>\n<meta property=\"og:locale\" content=\"en_US\" \/>\n<meta property=\"og:type\" content=\"article\" \/>\n<meta property=\"og:title\" content=\"Privacy policy | FECSA\" \/>\n<meta property=\"og:url\" content=\"https:\/\/www.fecsa.net\/en\/privacy-policy\/\" \/>\n<meta property=\"og:site_name\" content=\"FECSA\" \/>\n<meta property=\"article:modified_time\" content=\"2022-09-27T12:06:03+00:00\" \/>\n<meta name=\"twitter:card\" content=\"summary_large_image\" \/>\n<meta name=\"twitter:label1\" content=\"Est. reading time\" \/>\n\t<meta name=\"twitter:data1\" content=\"6 minutes\" \/>\n<script type=\"application\/ld+json\" class=\"yoast-schema-graph\">{\"@context\":\"https:\\\/\\\/schema.org\",\"@graph\":[{\"@type\":\"WebPage\",\"@id\":\"https:\\\/\\\/www.fecsa.net\\\/en\\\/privacy-policy\\\/\",\"url\":\"https:\\\/\\\/www.fecsa.net\\\/en\\\/privacy-policy\\\/\",\"name\":\"Privacy policy | FECSA\",\"isPartOf\":{\"@id\":\"https:\\\/\\\/www.fecsa.net\\\/en\\\/#website\"},\"datePublished\":\"2022-01-25T09:10:53+00:00\",\"dateModified\":\"2022-09-27T12:06:03+00:00\",\"breadcrumb\":{\"@id\":\"https:\\\/\\\/www.fecsa.net\\\/en\\\/privacy-policy\\\/#breadcrumb\"},\"inLanguage\":\"en-US\",\"potentialAction\":[{\"@type\":\"ReadAction\",\"target\":[\"https:\\\/\\\/www.fecsa.net\\\/en\\\/privacy-policy\\\/\"]}]},{\"@type\":\"BreadcrumbList\",\"@id\":\"https:\\\/\\\/www.fecsa.net\\\/en\\\/privacy-policy\\\/#breadcrumb\",\"itemListElement\":[{\"@type\":\"ListItem\",\"position\":1,\"name\":\"Portada\",\"item\":\"https:\\\/\\\/www.fecsa.net\\\/en\\\/home\\\/\"},{\"@type\":\"ListItem\",\"position\":2,\"name\":\"Privacy policy\"}]},{\"@type\":\"WebSite\",\"@id\":\"https:\\\/\\\/www.fecsa.net\\\/en\\\/#website\",\"url\":\"https:\\\/\\\/www.fecsa.net\\\/en\\\/\",\"name\":\"FECSA\",\"description\":\"\",\"potentialAction\":[{\"@type\":\"SearchAction\",\"target\":{\"@type\":\"EntryPoint\",\"urlTemplate\":\"https:\\\/\\\/www.fecsa.net\\\/en\\\/?s={search_term_string}\"},\"query-input\":{\"@type\":\"PropertyValueSpecification\",\"valueRequired\":true,\"valueName\":\"search_term_string\"}}],\"inLanguage\":\"en-US\"}]}<\/script>\n<!-- \/ Yoast SEO plugin. -->","yoast_head_json":{"title":"Privacy policy | FECSA","robots":{"index":"index","follow":"follow","max-snippet":"max-snippet:-1","max-image-preview":"max-image-preview:large","max-video-preview":"max-video-preview:-1"},"canonical":"https:\/\/www.fecsa.net\/en\/privacy-policy\/","og_locale":"en_US","og_type":"article","og_title":"Privacy policy | FECSA","og_url":"https:\/\/www.fecsa.net\/en\/privacy-policy\/","og_site_name":"FECSA","article_modified_time":"2022-09-27T12:06:03+00:00","twitter_card":"summary_large_image","twitter_misc":{"Est. reading time":"6 minutes"},"schema":{"@context":"https:\/\/schema.org","@graph":[{"@type":"WebPage","@id":"https:\/\/www.fecsa.net\/en\/privacy-policy\/","url":"https:\/\/www.fecsa.net\/en\/privacy-policy\/","name":"Privacy policy | FECSA","isPartOf":{"@id":"https:\/\/www.fecsa.net\/en\/#website"},"datePublished":"2022-01-25T09:10:53+00:00","dateModified":"2022-09-27T12:06:03+00:00","breadcrumb":{"@id":"https:\/\/www.fecsa.net\/en\/privacy-policy\/#breadcrumb"},"inLanguage":"en-US","potentialAction":[{"@type":"ReadAction","target":["https:\/\/www.fecsa.net\/en\/privacy-policy\/"]}]},{"@type":"BreadcrumbList","@id":"https:\/\/www.fecsa.net\/en\/privacy-policy\/#breadcrumb","itemListElement":[{"@type":"ListItem","position":1,"name":"Portada","item":"https:\/\/www.fecsa.net\/en\/home\/"},{"@type":"ListItem","position":2,"name":"Privacy policy"}]},{"@type":"WebSite","@id":"https:\/\/www.fecsa.net\/en\/#website","url":"https:\/\/www.fecsa.net\/en\/","name":"FECSA","description":"","potentialAction":[{"@type":"SearchAction","target":{"@type":"EntryPoint","urlTemplate":"https:\/\/www.fecsa.net\/en\/?s={search_term_string}"},"query-input":{"@type":"PropertyValueSpecification","valueRequired":true,"valueName":"search_term_string"}}],"inLanguage":"en-US"}]}},"_links":{"self":[{"href":"https:\/\/www.fecsa.net\/en\/wp-json\/wp\/v2\/pages\/9335","targetHints":{"allow":["GET"]}}],"collection":[{"href":"https:\/\/www.fecsa.net\/en\/wp-json\/wp\/v2\/pages"}],"about":[{"href":"https:\/\/www.fecsa.net\/en\/wp-json\/wp\/v2\/types\/page"}],"author":[{"embeddable":true,"href":"https:\/\/www.fecsa.net\/en\/wp-json\/wp\/v2\/users\/1"}],"replies":[{"embeddable":true,"href":"https:\/\/www.fecsa.net\/en\/wp-json\/wp\/v2\/comments?post=9335"}],"version-history":[{"count":1,"href":"https:\/\/www.fecsa.net\/en\/wp-json\/wp\/v2\/pages\/9335\/revisions"}],"predecessor-version":[{"id":9337,"href":"https:\/\/www.fecsa.net\/en\/wp-json\/wp\/v2\/pages\/9335\/revisions\/9337"}],"wp:attachment":[{"href":"https:\/\/www.fecsa.net\/en\/wp-json\/wp\/v2\/media?parent=9335"}],"curies":[{"name":"wp","href":"https:\/\/api.w.org\/{rel}","templated":true}]}}